{"id":134,"date":"2012-09-18T09:01:15","date_gmt":"2012-09-18T08:01:15","guid":{"rendered":"http:\/\/rrc.schliersee.de\/wordpress\/?page_id=134"},"modified":"2023-10-24T15:52:45","modified_gmt":"2023-10-24T14:52:45","slug":"ergebnisse-2008","status":"publish","type":"page","link":"https:\/\/rrc-schliersee.com\/wordpress\/ergebnisse\/archiv\/ergebnisse-2008\/","title":{"rendered":"Ergebnisse 2008"},"content":{"rendered":"<h1>Die Rennergebnisse der Saison 2007 \/ 2008<\/h1>\n<p>01. Oktober 2007 bis 30.09. 2008<\/p>\n<hr>\n<p><strong>Ergebnisse der Saison 2008<\/strong><\/p>\n<p>B\u00e4rchenCup, Meransen, S\u00fcdtirol, 27.01.08<strong><strong><br \/>\n<\/strong><\/strong><\/p>\n<table id=\"Tabelle59\" style=\"width: 100%;\" cellspacing=\"2\" cellpadding=\"2\" border=\"0\">\n<colgroup>\n<col>\n<col> <\/colgroup>\n<tbody>\n<tr>\n<td width=\"119\">Jugend C m:<\/td>\n<td width=\"417\">3.&nbsp; Pl. Schmidbauer Markus<\/td>\n<\/tr>\n<tr>\n<td>Jugend C w:<\/td>\n<td>4. Pl. M\u00fcller Katharina<\/td>\n<\/tr>\n<tr>\n<td>Jugend D m:<\/td>\n<td>3.&nbsp; Pl. Schmidbauer Martin<\/td>\n<\/tr>\n<\/tbody>\n<\/table>\n<p>&nbsp;<\/p>\n<p>Internationaler Vergleichskampf 2008, Imst, 20.01.08<\/p>\n<table id=\"Tabelle58\" style=\"width: 100%;\" cellspacing=\"2\" cellpadding=\"2\" border=\"0\">\n<colgroup>\n<col>\n<col> <\/colgroup>\n<tbody>\n<tr>\n<td width=\"119\">Junioren&nbsp; A m:<\/td>\n<td width=\"417\">1. Pl. Berger Anton<\/td>\n<\/tr>\n<tr>\n<td>Junioren B m:<\/td>\n<td>2. Pl. Berger Max<\/td>\n<\/tr>\n<tr>\n<td>Jugend C m:<\/td>\n<td>3.&nbsp; Pl. Schmidbauer Markus<\/td>\n<\/tr>\n<tr>\n<td>Jugend C w:<\/td>\n<td>5. Pl. M\u00fcller Katharina<\/td>\n<\/tr>\n<tr>\n<td>Jugend D m:<\/td>\n<td>10.&nbsp; Pl. Schmidbauer Martin<\/td>\n<\/tr>\n<\/tbody>\n<\/table>\n<p>&nbsp;<\/p>\n<p>Internationaler Alpenl\u00e4nderpokal 2008, Imst, 13.01.08<\/p>\n<table id=\"Tabelle57\" style=\"width: 100%;\" cellspacing=\"2\" cellpadding=\"2\" border=\"0\">\n<colgroup>\n<col>\n<col> <\/colgroup>\n<tbody>\n<tr>\n<td width=\"119\">Junioren&nbsp; A m:<\/td>\n<td width=\"417\">1. Pl. Berger Anton<\/td>\n<\/tr>\n<tr>\n<td>Junioren B w:<\/td>\n<td>1. Pl. Zeilbeck Angela<\/td>\n<\/tr>\n<tr>\n<td>Jugend C m:<\/td>\n<td>7.&nbsp; Pl. Schmidbauer Markus<\/td>\n<\/tr>\n<tr>\n<td>Jugend C w:<\/td>\n<td>4. Pl. M\u00fcller Katharina<\/td>\n<\/tr>\n<tr>\n<td>Jugend D m:<\/td>\n<td>2.&nbsp; Pl. Schmidbauer Martin<\/td>\n<\/tr>\n<\/tbody>\n<\/table>\n<p><strong>Deutsche Meisterschaft Junioren A. K\u00f6nigssee, 09.01.08<\/strong><\/p>\n<table id=\"Tabelle51\" style=\"width: 100%;\" cellspacing=\"2\" cellpadding=\"2\" border=\"0\">\n<colgroup>\n<col>\n<col> <\/colgroup>\n<tbody>\n<tr>\n<td width=\"122\">Junioren. A m:<\/td>\n<td width=\"415\">3. Pl. Berger Anton<\/td>\n<\/tr>\n<\/tbody>\n<\/table>\n<p><strong>Internationale \u00d6sterreichische Sch\u00fcler- und Jugendmeisterschaften<br \/>\nim Rennrodeln auf Kunstbahnen 2008, Olympia Bob-, Rodel- und Skeletonbahn in Igls, 29.12.07<\/strong><\/p>\n<table id=\"Tabelle50\" style=\"width: 100%;\" cellspacing=\"2\" cellpadding=\"2\" border=\"0\">\n<colgroup>\n<col>\n<col> <\/colgroup>\n<tbody>\n<tr>\n<td width=\"119\">Jugend D m:<\/td>\n<td width=\"417\">2.&nbsp; Pl. Schmidbauer Martin<\/td>\n<\/tr>\n<tr>\n<td>Jugend C w:<\/td>\n<td>3. Pl. M\u00fcller Katharina<\/td>\n<\/tr>\n<tr>\n<td>Jugend C m:<\/td>\n<td>10.&nbsp; Pl. Schmidbauer Markus<\/td>\n<\/tr>\n<tr>\n<td>Jugend B w:<\/td>\n<td>10.&nbsp; Pl. H\u00f6lscher Sonja<\/td>\n<\/tr>\n<\/tbody>\n<\/table>\n<p><strong>Bayerische Meisterschaft 2008, K\u00f6nigssee, 29.12.07<br \/>\nJugend A, Junioren, Senioren und BSD Cup.<br \/>\nErgebnisliste als <a target=\"_self\" rel=\"noopener noreferrer\">PDF-Datei<\/a> <\/strong>2,4 MB<\/p>\n<table id=\"Tabelle49\" style=\"width: 100%;\" cellspacing=\"2\" cellpadding=\"2\" border=\"0\">\n<colgroup>\n<col>\n<col> <\/colgroup>\n<tbody>\n<tr>\n<td width=\"119\">Junioren A m:<\/td>\n<td width=\"417\">1.&nbsp; Pl. Berger Anton<\/td>\n<\/tr>\n<tr>\n<td>Senioren A m:<\/td>\n<td>2.&nbsp; Pl. Wernberger Sigi&nbsp; (5. gesamt)<\/td>\n<\/tr>\n<tr>\n<td>&nbsp;<\/td>\n<td>4. Pl. Schmitz Walter&nbsp;&nbsp;&nbsp;&nbsp; (8. gesamt)<\/td>\n<\/tr>\n<tr>\n<td>&nbsp;<\/td>\n<td>5. Pl. Kelz Eberhard&nbsp;&nbsp;&nbsp;&nbsp;&nbsp;&nbsp; (5. gesamt)<\/td>\n<\/tr>\n<\/tbody>\n<\/table>\n<p><strong>Bayerische Meisterschaft 2008, K\u00f6nigssee, 27.12.07<br \/>\nJugend B;C; D mit \u00d6sterreichischer Beteiligung, die Plazierung ist f\u00fcr die bayerische Wertung angegeben,<\/strong> in Klammern ist die Gesamtwertung angegeben.<br \/>\nErgebnisliste als <a target=\"_self\" rel=\"noopener noreferrer\">PDF-Datei<\/a> 2,0 MB<strong><strong><br \/>\n<\/strong><\/strong><\/p>\n<table id=\"Tabelle56\" style=\"width: 100%;\" cellspacing=\"2\" cellpadding=\"2\" border=\"0\">\n<colgroup>\n<col>\n<col> <\/colgroup>\n<tbody>\n<tr>\n<td width=\"119\">Jugend B w:<\/td>\n<td width=\"417\">2. Pl. H\u00f6lscher Sonja (3. gesamt)<\/td>\n<\/tr>\n<tr>\n<td>Jugend C m:<\/td>\n<td>3. Pl. Schmidbauer Markus (7. gesamt)<\/td>\n<\/tr>\n<tr>\n<td>Jugend C w:<\/td>\n<td>3. Pl. M\u00fcller Katharina (4. gesamt)<\/td>\n<\/tr>\n<tr>\n<td>Jugend D m:<\/td>\n<td>7. Pl. Schmidbauer Martin (7. gesamt)<\/td>\n<\/tr>\n<\/tbody>\n<\/table>\n<p>&nbsp;<\/p>\n<p>Bayerischer Jugend &#8211; Cup 2008, K\u00f6nigssee, 23.12.07<\/p>\n<table id=\"Tabelle55\" style=\"width: 100%;\" cellspacing=\"2\" cellpadding=\"2\" border=\"0\">\n<colgroup>\n<col>\n<col> <\/colgroup>\n<tbody>\n<tr>\n<td width=\"119\">Jugend B w:<\/td>\n<td width=\"417\">2. Pl. H\u00f6lscher Sonja<\/td>\n<\/tr>\n<tr>\n<td>Jugend C m:<\/td>\n<td>4. Pl. Schmidbauer Markus<\/td>\n<\/tr>\n<tr>\n<td>Jugend C w:<\/td>\n<td>3. Pl. M\u00fcller Katharina<\/td>\n<\/tr>\n<tr>\n<td>Jugend D m:<\/td>\n<td>6. Pl. Schmidbauer Martin<\/td>\n<\/tr>\n<\/tbody>\n<\/table>\n<p>&nbsp;<\/p>\n<p>Th\u00fcringer Breitensportmeisterschaft, Oberhof, 04.11.07<\/p>\n<table id=\"Tabelle53\" style=\"width: 100%;\" cellspacing=\"2\" cellpadding=\"2\" border=\"0\">\n<colgroup>\n<col>\n<col> <\/colgroup>\n<tbody>\n<tr>\n<td width=\"119\">Sen. A:<\/td>\n<td width=\"417\">10. Pl. Schmitz Walter<\/td>\n<\/tr>\n<tr>\n<td>Sen. B:<\/td>\n<td>14. Pl. Oehlmann Michael<\/td>\n<\/tr>\n<\/tbody>\n<\/table>\n<p>&nbsp;<\/p>\n<p>Deutsche Meisterschaften Oberhof\/ Th\u00fcringen, 01.\/03.11.07<\/p>\n<table id=\"Tabelle52\" style=\"width: 100%;\" cellspacing=\"2\" cellpadding=\"2\" border=\"0\">\n<colgroup>\n<col>\n<col> <\/colgroup>\n<tbody>\n<tr>\n<td width=\"121\">Sen. A:<\/td>\n<td width=\"416\">10. Pl. Kelz Eberhard<\/td>\n<\/tr>\n<\/tbody>\n<\/table>\n","protected":false},"excerpt":{"rendered":"<p>Die Rennergebnisse der Saison 2007 \/ 2008 01. Oktober 2007 bis 30.09. 2008 Ergebnisse der Saison 2008 B\u00e4rchenCup, Meransen, S\u00fcdtirol, 27.01.08 Jugend C m: 3.&nbsp; Pl. Schmidbauer Markus Jugend C w: 4. Pl. M\u00fcller Katharina Jugend D m: 3.&nbsp; Pl. Schmidbauer Martin &nbsp; Internationaler Vergleichskampf 2008, Imst, 20.01.08 Junioren&nbsp; A m: 1. Pl. Berger Anton Junioren B m: 2. Pl. Berger Max Jugend C m: 3.&nbsp; Pl. Schmidbauer Markus Jugend&hellip;<\/p>\n","protected":false},"author":3,"featured_media":0,"parent":5452,"menu_order":8,"comment_status":"open","ping_status":"closed","template":"","meta":{"ngg_post_thumbnail":0,"footnotes":""},"class_list":["post-134","page","type-page","status-publish","hentry"],"_links":{"self":[{"href":"https:\/\/rrc-schliersee.com\/wordpress\/wp-json\/wp\/v2\/pages\/134","targetHints":{"allow":["GET"]}}],"collection":[{"href":"https:\/\/rrc-schliersee.com\/wordpress\/wp-json\/wp\/v2\/pages"}],"about":[{"href":"https:\/\/rrc-schliersee.com\/wordpress\/wp-json\/wp\/v2\/types\/page"}],"author":[{"embeddable":true,"href":"https:\/\/rrc-schliersee.com\/wordpress\/wp-json\/wp\/v2\/users\/3"}],"replies":[{"embeddable":true,"href":"https:\/\/rrc-schliersee.com\/wordpress\/wp-json\/wp\/v2\/comments?post=134"}],"version-history":[{"count":6,"href":"https:\/\/rrc-schliersee.com\/wordpress\/wp-json\/wp\/v2\/pages\/134\/revisions"}],"predecessor-version":[{"id":5078,"href":"https:\/\/rrc-schliersee.com\/wordpress\/wp-json\/wp\/v2\/pages\/134\/revisions\/5078"}],"up":[{"embeddable":true,"href":"https:\/\/rrc-schliersee.com\/wordpress\/wp-json\/wp\/v2\/pages\/5452"}],"wp:attachment":[{"href":"https:\/\/rrc-schliersee.com\/wordpress\/wp-json\/wp\/v2\/media?parent=134"}],"curies":[{"name":"wp","href":"https:\/\/api.w.org\/{rel}","templated":true}]}}